{"id":116,"date":"2020-11-10T08:18:41","date_gmt":"2020-11-10T08:18:41","guid":{"rendered":"https:\/\/asilvilallonga.org\/?page_id=116"},"modified":"2021-06-25T10:19:37","modified_gmt":"2021-06-25T10:19:37","slug":"transparencia","status":"publish","type":"page","link":"https:\/\/asilvilallonga.org\/es\/transparencia\/","title":{"rendered":"Transparencia"},"content":{"rendered":"\t\t<div data-elementor-type=\"wp-page\" data-elementor-id=\"116\" class=\"elementor elementor-116\" data-elementor-post-type=\"page\">\n\t\t\t\t\t\t<section class=\"elementor-section elementor-top-section elementor-element elementor-element-251fafc elementor-section-boxed elementor-section-height-default elementor-section-height-default\" data-id=\"251fafc\" data-element_type=\"section\">\n\t\t\t\t\t\t<div class=\"elementor-container elementor-column-gap-default\">\n\t\t\t\t\t<div class=\"elementor-column elementor-col-100 elementor-top-column elementor-element elementor-element-b1016df\" data-id=\"b1016df\" data-element_type=\"column\" data-settings=\"{&quot;background_background&quot;:&quot;classic&quot;}\">\n\t\t\t<div class=\"elementor-widget-wrap elementor-element-populated\">\n\t\t\t\t\t\t<div class=\"elementor-element elementor-element-416e132 elementor-widget elementor-widget-text-editor\" data-id=\"416e132\" data-element_type=\"widget\" data-widget_type=\"text-editor.default\">\n\t\t\t\t<div class=\"elementor-widget-container\">\n\t\t\t\t\t\t\t\t\t<p>PROLOGO.-<\/p><p>Seg\u00fan el DOGC el Edicto de 25 de julio de 2017 de la Ley 21\/2014 del 29 Diciembre, relativa a los instrumentos de TRANSPARENCIA, por las Fundaciones declaradas de utilidad p\u00fablica, de acuerdo con su ART\u00cdCULO 12.<\/p><p>EL ASILO VILLALONGA, Fundaci\u00f3n privada, da cumplimiento a los criterios establecidos en los art\u00edculos, 5.3, 6c1, 7.1 y 9.1 \u00a0de esta Ley (Art\u00edculos 7 y 9), y de acuerdo con su dimensi\u00f3n, hace p\u00fablica la informaci\u00f3n siguiente:<\/p>\t\t\t\t\t\t\t\t<\/div>\n\t\t\t\t<\/div>\n\t\t\t\t<div class=\"elementor-element elementor-element-d50c693 elementor-grid-2 elementor-posts--thumbnail-none elementor-grid-tablet-2 elementor-grid-mobile-1 elementor-card-shadow-yes elementor-posts__hover-gradient elementor-widget elementor-widget-posts\" data-id=\"d50c693\" data-element_type=\"widget\" data-settings=\"{&quot;cards_columns&quot;:&quot;2&quot;,&quot;cards_row_gap&quot;:{&quot;unit&quot;:&quot;px&quot;,&quot;size&quot;:50,&quot;sizes&quot;:[]},&quot;cards_columns_tablet&quot;:&quot;2&quot;,&quot;cards_columns_mobile&quot;:&quot;1&quot;,&quot;cards_row_gap_tablet&quot;:{&quot;unit&quot;:&quot;px&quot;,&quot;size&quot;:&quot;&quot;,&quot;sizes&quot;:[]},&quot;cards_row_gap_mobile&quot;:{&quot;unit&quot;:&quot;px&quot;,&quot;size&quot;:&quot;&quot;,&quot;sizes&quot;:[]}}\" data-widget_type=\"posts.cards\">\n\t\t\t\t<div class=\"elementor-widget-container\">\n\t\t\t\t\t\t\t<div class=\"elementor-posts-container elementor-posts elementor-posts--skin-cards elementor-grid\" role=\"list\">\n\t\t\t\t<article class=\"elementor-post elementor-grid-item post-91 page type-page status-publish\" role=\"listitem\">\n\t\t\t<div class=\"elementor-post__card\">\n\t\t\t\t<div class=\"elementor-post__text\">\n\t\t\t\t<h3 class=\"elementor-post__title\">\n\t\t\t<a href=\"https:\/\/asilvilallonga.org\/es\/transparencia\/actividad\/\" >\n\t\t\t\tActividad\t\t\t<\/a>\n\t\t<\/h3>\n\t\t\t\t<div class=\"elementor-post__excerpt\">\n\t\t\t\t\t<\/div>\n\t\t\n\t\t<a class=\"elementor-post__read-more\" href=\"https:\/\/asilvilallonga.org\/es\/transparencia\/actividad\/\" aria-label=\"M\u00e1s informaci\u00f3n sobre Actividad\" tabindex=\"-1\" >\n\t\t\tLeer M\u00e1s &gt;&gt;\t\t<\/a>\n\n\t\t\t\t<\/div>\n\t\t\t\t\t<\/div>\n\t\t<\/article>\n\t\t\t\t<article class=\"elementor-post elementor-grid-item post-96 page type-page status-publish\" role=\"listitem\">\n\t\t\t<div class=\"elementor-post__card\">\n\t\t\t\t<div class=\"elementor-post__text\">\n\t\t\t\t<h3 class=\"elementor-post__title\">\n\t\t\t<a href=\"https:\/\/asilvilallonga.org\/es\/transparencia\/direcciones-de-correo-postal-y-electronico\/\" >\n\t\t\t\tDirecciones de correo postal y electr\u00f3nico\t\t\t<\/a>\n\t\t<\/h3>\n\t\t\t\t<div class=\"elementor-post__excerpt\">\n\t\t\t\t\t<\/div>\n\t\t\n\t\t<a class=\"elementor-post__read-more\" href=\"https:\/\/asilvilallonga.org\/es\/transparencia\/direcciones-de-correo-postal-y-electronico\/\" aria-label=\"M\u00e1s informaci\u00f3n sobre Direcciones de correo postal y electr\u00f3nico\" tabindex=\"-1\" >\n\t\t\tLeer M\u00e1s &gt;&gt;\t\t<\/a>\n\n\t\t\t\t<\/div>\n\t\t\t\t\t<\/div>\n\t\t<\/article>\n\t\t\t\t<article class=\"elementor-post elementor-grid-item post-101 page type-page status-publish\" role=\"listitem\">\n\t\t\t<div class=\"elementor-post__card\">\n\t\t\t\t<div class=\"elementor-post__text\">\n\t\t\t\t<h3 class=\"elementor-post__title\">\n\t\t\t<a href=\"https:\/\/asilvilallonga.org\/es\/transparencia\/composicion-de-los-organos-de-gobierno-y-del-equipo-directivo\/\" >\n\t\t\t\tComposici\u00f3n de los \u00f3rganos de gobierno y del equipo directivo\t\t\t<\/a>\n\t\t<\/h3>\n\t\t\t\t<div class=\"elementor-post__excerpt\">\n\t\t\t\t\t<\/div>\n\t\t\n\t\t<a class=\"elementor-post__read-more\" href=\"https:\/\/asilvilallonga.org\/es\/transparencia\/composicion-de-los-organos-de-gobierno-y-del-equipo-directivo\/\" aria-label=\"M\u00e1s informaci\u00f3n sobre Composici\u00f3n de los \u00f3rganos de gobierno y del equipo directivo\" tabindex=\"-1\" >\n\t\t\tLeer M\u00e1s &gt;&gt;\t\t<\/a>\n\n\t\t\t\t<\/div>\n\t\t\t\t\t<\/div>\n\t\t<\/article>\n\t\t\t\t<article class=\"elementor-post elementor-grid-item post-121 page type-page status-publish\" role=\"listitem\">\n\t\t\t<div class=\"elementor-post__card\">\n\t\t\t\t<div class=\"elementor-post__text\">\n\t\t\t\t<h3 class=\"elementor-post__title\">\n\t\t\t<a href=\"https:\/\/asilvilallonga.org\/es\/transparencia\/estados-financieros-y-memoria-economica\/\" >\n\t\t\t\tEstados financieros y memoria econ\u00f3mica\t\t\t<\/a>\n\t\t<\/h3>\n\t\t\t\t<div class=\"elementor-post__excerpt\">\n\t\t\t\t\t<\/div>\n\t\t\n\t\t<a class=\"elementor-post__read-more\" href=\"https:\/\/asilvilallonga.org\/es\/transparencia\/estados-financieros-y-memoria-economica\/\" aria-label=\"M\u00e1s informaci\u00f3n sobre Estados financieros y memoria econ\u00f3mica\" tabindex=\"-1\" >\n\t\t\tLeer M\u00e1s &gt;&gt;\t\t<\/a>\n\n\t\t\t\t<\/div>\n\t\t\t\t\t<\/div>\n\t\t<\/article>\n\t\t\t\t<article class=\"elementor-post elementor-grid-item post-179 page type-page status-publish\" role=\"listitem\">\n\t\t\t<div class=\"elementor-post__card\">\n\t\t\t\t<div class=\"elementor-post__text\">\n\t\t\t\t<h3 class=\"elementor-post__title\">\n\t\t\t<a href=\"https:\/\/asilvilallonga.org\/es\/transparencia\/estatutos\/\" >\n\t\t\t\tEstatutos\t\t\t<\/a>\n\t\t<\/h3>\n\t\t\t\t<div class=\"elementor-post__excerpt\">\n\t\t\t\t\t<\/div>\n\t\t\n\t\t<a class=\"elementor-post__read-more\" href=\"https:\/\/asilvilallonga.org\/es\/transparencia\/estatutos\/\" aria-label=\"M\u00e1s informaci\u00f3n sobre Estatutos\" tabindex=\"-1\" >\n\t\t\tLeer M\u00e1s &gt;&gt;\t\t<\/a>\n\n\t\t\t\t<\/div>\n\t\t\t\t\t<\/div>\n\t\t<\/article>\n\t\t\t\t<article class=\"elementor-post elementor-grid-item post-186 page type-page status-publish\" role=\"listitem\">\n\t\t\t<div class=\"elementor-post__card\">\n\t\t\t\t<div class=\"elementor-post__text\">\n\t\t\t\t<h3 class=\"elementor-post__title\">\n\t\t\t<a href=\"https:\/\/asilvilallonga.org\/es\/transparencia\/estructura-directiva-y-de-gobierno\/\" >\n\t\t\t\tEstructura directiva y de gobierno\t\t\t<\/a>\n\t\t<\/h3>\n\t\t\t\t<div class=\"elementor-post__excerpt\">\n\t\t\t\t\t<\/div>\n\t\t\n\t\t<a class=\"elementor-post__read-more\" href=\"https:\/\/asilvilallonga.org\/es\/transparencia\/estructura-directiva-y-de-gobierno\/\" aria-label=\"M\u00e1s informaci\u00f3n sobre Estructura directiva y de gobierno\" tabindex=\"-1\" >\n\t\t\tLeer M\u00e1s &gt;&gt;\t\t<\/a>\n\n\t\t\t\t<\/div>\n\t\t\t\t\t<\/div>\n\t\t<\/article>\n\t\t\t\t<article class=\"elementor-post elementor-grid-item post-195 page type-page status-publish\" role=\"listitem\">\n\t\t\t<div class=\"elementor-post__card\">\n\t\t\t\t<div class=\"elementor-post__text\">\n\t\t\t\t<h3 class=\"elementor-post__title\">\n\t\t\t<a href=\"https:\/\/asilvilallonga.org\/es\/transparencia\/estructura-organizativa\/\" >\n\t\t\t\tEstructura organizativa\t\t\t<\/a>\n\t\t<\/h3>\n\t\t\t\t<div class=\"elementor-post__excerpt\">\n\t\t\t\t\t<\/div>\n\t\t\n\t\t<a class=\"elementor-post__read-more\" href=\"https:\/\/asilvilallonga.org\/es\/transparencia\/estructura-organizativa\/\" aria-label=\"M\u00e1s informaci\u00f3n sobre Estructura organizativa\" tabindex=\"-1\" >\n\t\t\tLeer M\u00e1s &gt;&gt;\t\t<\/a>\n\n\t\t\t\t<\/div>\n\t\t\t\t\t<\/div>\n\t\t<\/article>\n\t\t\t\t<article class=\"elementor-post elementor-grid-item post-202 page type-page status-publish\" role=\"listitem\">\n\t\t\t<div class=\"elementor-post__card\">\n\t\t\t\t<div class=\"elementor-post__text\">\n\t\t\t\t<h3 class=\"elementor-post__title\">\n\t\t\t<a href=\"https:\/\/asilvilallonga.org\/es\/transparencia\/objetivos-o-finalidad\/\" >\n\t\t\t\tObjetivos o finalidad\t\t\t<\/a>\n\t\t<\/h3>\n\t\t\t\t<div class=\"elementor-post__excerpt\">\n\t\t\t\t\t<\/div>\n\t\t\n\t\t<a class=\"elementor-post__read-more\" href=\"https:\/\/asilvilallonga.org\/es\/transparencia\/objetivos-o-finalidad\/\" aria-label=\"M\u00e1s informaci\u00f3n sobre Objetivos o finalidad\" tabindex=\"-1\" >\n\t\t\tLeer M\u00e1s &gt;&gt;\t\t<\/a>\n\n\t\t\t\t<\/div>\n\t\t\t\t\t<\/div>\n\t\t<\/article>\n\t\t\t\t<article class=\"elementor-post elementor-grid-item post-207 page type-page status-publish\" role=\"listitem\">\n\t\t\t<div class=\"elementor-post__card\">\n\t\t\t\t<div class=\"elementor-post__text\">\n\t\t\t\t<h3 class=\"elementor-post__title\">\n\t\t\t<a href=\"https:\/\/asilvilallonga.org\/es\/transparencia\/mision-de-la-entidad\/\" >\n\t\t\t\tMisi\u00f3n de la entidad\t\t\t<\/a>\n\t\t<\/h3>\n\t\t\t\t<div class=\"elementor-post__excerpt\">\n\t\t\t\t\t<\/div>\n\t\t\n\t\t<a class=\"elementor-post__read-more\" href=\"https:\/\/asilvilallonga.org\/es\/transparencia\/mision-de-la-entidad\/\" aria-label=\"M\u00e1s informaci\u00f3n sobre Misi\u00f3n de la entidad\" tabindex=\"-1\" >\n\t\t\tLeer M\u00e1s &gt;&gt;\t\t<\/a>\n\n\t\t\t\t<\/div>\n\t\t\t\t\t<\/div>\n\t\t<\/article>\n\t\t\t\t<article class=\"elementor-post elementor-grid-item post-212 page type-page status-publish\" role=\"listitem\">\n\t\t\t<div class=\"elementor-post__card\">\n\t\t\t\t<div class=\"elementor-post__text\">\n\t\t\t\t<h3 class=\"elementor-post__title\">\n\t\t\t<a href=\"https:\/\/asilvilallonga.org\/es\/transparencia\/resultados-de-las-actividades-cumplidas\/\" >\n\t\t\t\tResultados de las actividades cumplidas\t\t\t<\/a>\n\t\t<\/h3>\n\t\t\t\t<div class=\"elementor-post__excerpt\">\n\t\t\t\t\t<\/div>\n\t\t\n\t\t<a class=\"elementor-post__read-more\" href=\"https:\/\/asilvilallonga.org\/es\/transparencia\/resultados-de-las-actividades-cumplidas\/\" aria-label=\"M\u00e1s informaci\u00f3n sobre Resultados de las actividades cumplidas\" tabindex=\"-1\" >\n\t\t\tLeer M\u00e1s &gt;&gt;\t\t<\/a>\n\n\t\t\t\t<\/div>\n\t\t\t\t\t<\/div>\n\t\t<\/article>\n\t\t\t\t<article class=\"elementor-post elementor-grid-item post-220 page type-page status-publish\" role=\"listitem\">\n\t\t\t<div class=\"elementor-post__card\">\n\t\t\t\t<div class=\"elementor-post__text\">\n\t\t\t\t<h3 class=\"elementor-post__title\">\n\t\t\t<a href=\"https:\/\/asilvilallonga.org\/es\/transparencia\/web\/\" >\n\t\t\t\tWeb\t\t\t<\/a>\n\t\t<\/h3>\n\t\t\t\t<div class=\"elementor-post__excerpt\">\n\t\t\t\t\t<\/div>\n\t\t\n\t\t<a class=\"elementor-post__read-more\" href=\"https:\/\/asilvilallonga.org\/es\/transparencia\/web\/\" aria-label=\"M\u00e1s informaci\u00f3n sobre Web\" tabindex=\"-1\" >\n\t\t\tLeer M\u00e1s &gt;&gt;\t\t<\/a>\n\n\t\t\t\t<\/div>\n\t\t\t\t\t<\/div>\n\t\t<\/article>\n\t\t\t\t<\/div>\n\t\t\n\t\t\t\t\t\t<\/div>\n\t\t\t\t<\/div>\n\t\t\t\t\t<\/div>\n\t\t<\/div>\n\t\t\t\t\t<\/div>\n\t\t<\/section>\n\t\t\t\t<\/div>\n\t\t","protected":false},"excerpt":{"rendered":"<p>PROLOGO.- Seg\u00fan el DOGC el Edicto de 25 de julio de 2017 de la Ley 21\/2014 del 29 Diciembre, relativa a los instrumentos de TRANSPARENCIA, por las Fundaciones declaradas de utilidad p\u00fablica, de acuerdo con su ART\u00cdCULO 12. EL ASILO VILLALONGA, Fundaci\u00f3n privada, da cumplimiento a los criterios establecidos en los art\u00edculos, 5.3, 6c1, 7.1 &#8230; <a title=\"Web\" class=\"read-more\" href=\"https:\/\/asilvilallonga.org\/es\/transparencia\/web\/\" aria-label=\"Leer m\u00e1s sobre Web\">Leer m\u00e1s<\/a><\/p>\n","protected":false},"author":1,"featured_media":0,"parent":0,"menu_order":0,"comment_status":"closed","ping_status":"closed","template":"","meta":{"_monsterinsights_skip_tracking":false,"_monsterinsights_sitenote_active":false,"_monsterinsights_sitenote_note":"","_monsterinsights_sitenote_category":0,"footnotes":""},"class_list":["post-116","page","type-page","status-publish"],"_links":{"self":[{"href":"https:\/\/asilvilallonga.org\/es\/wp-json\/wp\/v2\/pages\/116","targetHints":{"allow":["GET"]}}],"collection":[{"href":"https:\/\/asilvilallonga.org\/es\/wp-json\/wp\/v2\/pages"}],"about":[{"href":"https:\/\/asilvilallonga.org\/es\/wp-json\/wp\/v2\/types\/page"}],"author":[{"embeddable":true,"href":"https:\/\/asilvilallonga.org\/es\/wp-json\/wp\/v2\/users\/1"}],"replies":[{"embeddable":true,"href":"https:\/\/asilvilallonga.org\/es\/wp-json\/wp\/v2\/comments?post=116"}],"version-history":[{"count":14,"href":"https:\/\/asilvilallonga.org\/es\/wp-json\/wp\/v2\/pages\/116\/revisions"}],"predecessor-version":[{"id":608,"href":"https:\/\/asilvilallonga.org\/es\/wp-json\/wp\/v2\/pages\/116\/revisions\/608"}],"wp:attachment":[{"href":"https:\/\/asilvilallonga.org\/es\/wp-json\/wp\/v2\/media?parent=116"}],"curies":[{"name":"wp","href":"https:\/\/api.w.org\/{rel}","templated":true}]}}